{"id":57306,"date":"2018-03-08T10:39:33","date_gmt":"2018-03-08T13:39:33","guid":{"rendered":"http:\/\/hostgator.cfa.org.br\/cramodelo\/?page_id=57306"},"modified":"2025-04-09T14:42:47","modified_gmt":"2025-04-09T17:42:47","slug":"sistema-cfacras","status":"publish","type":"page","link":"https:\/\/crarn.org.br\/?page_id=57306","title":{"rendered":"Sistema CFA\/CRAs"},"content":{"rendered":"\t\t<div data-elementor-type=\"wp-post\" data-elementor-id=\"57306\" class=\"elementor elementor-57306\">\n\t\t\t\t\t\t<section class=\"elementor-section elementor-top-section elementor-element elementor-element-8ebc17b elementor-section-boxed elementor-section-height-default elementor-section-height-default\" data-id=\"8ebc17b\" data-element_type=\"section\" data-e-type=\"section\">\n\t\t\t\t\t\t<div class=\"elementor-container elementor-column-gap-default\">\n\t\t\t\t\t<div class=\"elementor-column elementor-col-100 elementor-top-column elementor-element elementor-element-1d9cd56\" data-id=\"1d9cd56\" data-element_type=\"column\" data-e-type=\"column\">\n\t\t\t<div class=\"elementor-widget-wrap elementor-element-populated\">\n\t\t\t\t\t\t<div class=\"elementor-element elementor-element-ec96d0f elementor-widget elementor-widget-spacer\" data-id=\"ec96d0f\" data-element_type=\"widget\" data-e-type=\"widget\" data-widget_type=\"spacer.default\">\n\t\t\t\t<div class=\"elementor-widget-container\">\n\t\t\t\t\t\t\t<div class=\"elementor-spacer\">\n\t\t\t<div class=\"elementor-spacer-inner\"><\/div>\n\t\t<\/div>\n\t\t\t\t\t\t<\/div>\n\t\t\t\t<\/div>\n\t\t\t\t\t<\/div>\n\t\t<\/div>\n\t\t\t\t\t<\/div>\n\t\t<\/section>\n\t\t\t\t<section class=\"elementor-section elementor-top-section elementor-element elementor-element-8ea606e elementor-section-boxed elementor-section-height-default elementor-section-height-default\" data-id=\"8ea606e\" data-element_type=\"section\" data-e-type=\"section\">\n\t\t\t\t\t\t<div class=\"elementor-container elementor-column-gap-default\">\n\t\t\t\t\t<div class=\"elementor-column elementor-col-100 elementor-top-column elementor-element elementor-element-82783b0\" data-id=\"82783b0\" data-element_type=\"column\" data-e-type=\"column\">\n\t\t\t<div class=\"elementor-widget-wrap elementor-element-populated\">\n\t\t\t\t\t\t<div class=\"elementor-element elementor-element-d0405a4 elementor-widget elementor-widget-toggle\" data-id=\"d0405a4\" data-element_type=\"widget\" data-e-type=\"widget\" data-widget_type=\"toggle.default\">\n\t\t\t\t<div class=\"elementor-widget-container\">\n\t\t\t\t\t\t\t<div class=\"elementor-toggle\">\n\t\t\t\t\t\t\t<div class=\"elementor-toggle-item\">\n\t\t\t\t\t<div id=\"elementor-tab-title-2181\" class=\"elementor-tab-title\" data-tab=\"1\" role=\"button\" aria-controls=\"elementor-tab-content-2181\" aria-expanded=\"false\">\n\t\t\t\t\t\t\t\t\t\t\t\t<span class=\"elementor-toggle-icon elementor-toggle-icon-left\" aria-hidden=\"true\">\n\t\t\t\t\t\t\t\t\t\t\t\t\t\t\t<span class=\"elementor-toggle-icon-closed\"><i class=\"fas fa-caret-right\"><\/i><\/span>\n\t\t\t\t\t\t\t\t<span class=\"elementor-toggle-icon-opened\"><i class=\"elementor-toggle-icon-opened fas fa-caret-up\"><\/i><\/span>\n\t\t\t\t\t\t\t\t\t\t\t\t\t<\/span>\n\t\t\t\t\t\t\t\t\t\t\t\t<a class=\"elementor-toggle-title\" tabindex=\"0\">Sobre o Sistema CFA\/CRAs<\/a>\n\t\t\t\t\t<\/div>\n\n\t\t\t\t\t<div id=\"elementor-tab-content-2181\" class=\"elementor-tab-content elementor-clearfix\" data-tab=\"1\" role=\"region\" aria-labelledby=\"elementor-tab-title-2181\"><p>O Sistema CFA\/CRAs compreende o Conselho Federal de Administra\u00e7\u00e3o e os Conselhos Regionais de Administra\u00e7\u00f5es, estes \u00faltimos representando os 27 (vinte e sete) Estados da Federa\u00e7\u00e3o, por\u00e9m, ainda, em n\u00famero de 22 (vinte e dois).<\/p><p>Cada um desses \u00f3rg\u00e3os \u00e9 integrado por Conselheiros Efetivos e igual n\u00famero de respectivos Suplentes, que s\u00e3o Administradores escolhidos por meio do voto secreto, pessoal, direto e obrigat\u00f3rio de todos os Administradores registrados e em situa\u00e7\u00e3o regular para o exerc\u00edcio da profiss\u00e3o.<\/p><p>A dura\u00e7\u00e3o dos mandatos dos Conselheiros \u00e9 de 4 (quatro) anos, permitida uma reelei\u00e7\u00e3o, e a renova\u00e7\u00e3o se faz de um ter\u00e7o e de dois ter\u00e7os, alternadamente, a cada bi\u00eanio.<\/p><p>O Conselho Federal de Administra\u00e7\u00e3o e os Conselhos Regionais de Administra\u00e7\u00e3o t\u00eam como finalidade prec\u00edpua orientar, disciplinar e fiscalizar o exerc\u00edcio da profiss\u00e3o de Administrador. Cabe tamb\u00e9m aos CRAs efetuar o registro dos profissionais de Administra\u00e7\u00e3o e das empresas, entidades e escrit\u00f3rios que prestam servi\u00e7os no campo profissional do Administrador.<\/p><p>As for\u00e7as de a\u00e7\u00e3o do CFA e dos CRAs se concentram, portanto, no profissional que executa ou explora atividades administrativas, bem como na empresa por ele integrada, no sentido de mant\u00ea-lo dentro dos pad\u00f5es legais e \u00e9ticos previamente estatu\u00eddos.<\/p><p><strong>\u00a0<\/strong><\/p><p><strong>Miss\u00e3o<\/strong><\/p><p>Fiscalizar, valorizar e promover o exerc\u00edcio do profissional de Administra\u00e7\u00e3o, contribuindo com o desenvolvimento do pa\u00eds.<\/p><p><strong>Vis\u00e3o<\/strong><\/p><p>Ser uma entidade reconhecida pela sociedade, capaz de assegurar a atua\u00e7\u00e3o plena dos profissionais de\u00a0 Administra\u00e7\u00e3o.<\/p><p>\u00a0<\/p><p><strong>Valores<\/strong><\/p><ul><li>\u00c9tica<\/li><li>Inova\u00e7\u00e3o<\/li><li>Valoriza\u00e7\u00e3o da profiss\u00e3o<\/li><li>Sustentabilidade<\/li><li>Transpar\u00eancia<\/li><\/ul><\/div>\n\t\t\t\t<\/div>\n\t\t\t\t\t\t\t<div class=\"elementor-toggle-item\">\n\t\t\t\t\t<div id=\"elementor-tab-title-2182\" class=\"elementor-tab-title\" data-tab=\"2\" role=\"button\" aria-controls=\"elementor-tab-content-2182\" aria-expanded=\"false\">\n\t\t\t\t\t\t\t\t\t\t\t\t<span class=\"elementor-toggle-icon elementor-toggle-icon-left\" aria-hidden=\"true\">\n\t\t\t\t\t\t\t\t\t\t\t\t\t\t\t<span class=\"elementor-toggle-icon-closed\"><i class=\"fas fa-caret-right\"><\/i><\/span>\n\t\t\t\t\t\t\t\t<span class=\"elementor-toggle-icon-opened\"><i class=\"elementor-toggle-icon-opened fas fa-caret-up\"><\/i><\/span>\n\t\t\t\t\t\t\t\t\t\t\t\t\t<\/span>\n\t\t\t\t\t\t\t\t\t\t\t\t<a class=\"elementor-toggle-title\" tabindex=\"0\">Conselho Federal de Administra\u00e7\u00e3o<\/a>\n\t\t\t\t\t<\/div>\n\n\t\t\t\t\t<div id=\"elementor-tab-content-2182\" class=\"elementor-tab-content elementor-clearfix\" data-tab=\"2\" role=\"region\" aria-labelledby=\"elementor-tab-title-2182\"><p><a href=\"https:\/\/cfa.org.br\/home-2\/conselho-federal\/\">Sede do Conselho Federal<\/a><br \/><a href=\"https:\/\/cfa.org.br\/home-2\/conselho-federal\/\">Norteadores Estrat\u00e9gicos do CFA<\/a><br \/><a href=\"https:\/\/cfa.org.br\/home-2\/conselho-federal\/\">Finalidade<\/a><br \/><a href=\"https:\/\/cfa.org.br\/home-2\/conselho-federal\/\">Funcionamento<\/a><br \/>Conselheiros Federais<\/p><p><b>CONSELHEIROS FEDERAIS DO CFA 2025 \/ 2026<\/b><\/p><p>Adm. F\u00e1bio Mendes Mac\u00eado \u2013 AC<br \/>Adm. Jos\u00e9 Ediberto Omena J\u00fanior \u2013 AL<br \/>Adm\u00aa. Clenis Siqueira de Souza de Lima\u00a0 \u2013 AP<br \/>Adm. In\u00e1cio Guedes Borges \u2013 AM<br \/>Adm. Roberto Ibrahim Uehbe \u2013 BA<br \/>Adm. Leonardo Jos\u00e9 Macedo \u2013 CE<br \/>Adm. Rui Ribeiro de Ara\u00fajo \u2013 DF\u00a0 \u2013\u00a0Licen\u00e7a\u00a0<br \/>Adm. Domingos S\u00e1vio Spezia \u2013 DF<br \/>Adm. Manoel Carlos Rocha Lima \u2013 ES<br \/>Adm. Tiago N\u00f3brega Stival \u2013 GO<br \/>Adm. Jaylson Franklin Mendon\u00e7a Nunes \u2013 MA<br \/>Adm\u00aa. Keila Cardoso dos Santos Furquim\u00a0 \u2013 MT<br \/>Adm. Alex Sandre Rodrigo Pereira Cazelli \u2013 MS<br \/>Adm. Gilmar Camargo de Almeida \u2013 MG<br \/>Adm. Mauro dos Santos Leonidas \u2013 PA<br \/>Adm. Geraldo Tadeu Indrusiak da Rosa \u2013 PB<br \/>Adm. Gelson Luiz Uecker- PR<br \/>Adm\u00aa. Adriana Rodrigues da Silva \u2013 PE<br \/>Adm. Roberthy dos Santos Barbosa \u2013 PI<br \/>Adm. Francisco Carlos Santos de Jesus \u2013 RJ<br \/>Adm. J\u00falio Francisco Dantas Rezende \u2013 RN<br \/>Adm. S\u00e9rgio Jos\u00e9 Rauber\u00a0 \u2013 RS<br \/>Adm. Francisco Tavares de Melo\u00a0 \u2013 RO<br \/>Adm. Emerson Clayton Arantes\u00a0 \u2013 RR<br \/>Adm. Isabela Regina Fornari Muler -SC<br \/>Adm. Silvio Pires de Paula \u2013 SP<br \/>Adm. Adelmo Santos Porto \u2013 SE<br \/>Adm.\u00a0 Francisco Almeida Costa \u2013 TO<\/p><p><a href=\"https:\/\/cfa.org.br\/home-2\/conselho-federal\/\">Calend\u00e1rio de Reuni\u00f5es<\/a><br \/><a href=\"https:\/\/cfa.org.br\/home-2\/conselho-federal\/\">C\u00e2mara do CFA &#8211; Bi\u00eanio 2019 &#8211; 2020<\/a><br \/><a href=\"https:\/\/cfa.org.br\/home-2\/conselho-federal\/\">Comiss\u00f5es Permanentes &#8211; Bi\u00eanio 2019 &#8211; 2020<\/a><br \/><a href=\"https:\/\/cfa.org.br\/home-2\/conselho-federal\/\">Diretoria Executiva &#8211; Bi\u00eanio 2019 &#8211; 2020<\/a><br \/><a href=\"https:\/\/cfa.org.br\/home-2\/conselho-federal\/\">Ouvidoria<\/a><br \/><a href=\"https:\/\/cfa.org.br\/home-2\/conselho-federal\/\">Galeria de Presidentes<\/a><\/p><\/div>\n\t\t\t\t<\/div>\n\t\t\t\t\t\t\t\t<\/div>\n\t\t\t\t\t\t<\/div>\n\t\t\t\t<\/div>\n\t\t\t\t\t<\/div>\n\t\t<\/div>\n\t\t\t\t\t<\/div>\n\t\t<\/section>\n\t\t\t\t<section class=\"elementor-section elementor-top-section elementor-element elementor-element-deca8af elementor-section-boxed elementor-section-height-default elementor-section-height-default\" data-id=\"deca8af\" data-element_type=\"section\" data-e-type=\"section\">\n\t\t\t\t\t\t<div class=\"elementor-container elementor-column-gap-default\">\n\t\t\t\t\t<div class=\"elementor-column elementor-col-100 elementor-top-column elementor-element elementor-element-cd6e2cb\" data-id=\"cd6e2cb\" data-element_type=\"column\" data-e-type=\"column\">\n\t\t\t<div class=\"elementor-widget-wrap elementor-element-populated\">\n\t\t\t\t\t\t<div class=\"elementor-element elementor-element-f242a7c elementor-widget elementor-widget-spacer\" data-id=\"f242a7c\" data-element_type=\"widget\" data-e-type=\"widget\" data-widget_type=\"spacer.default\">\n\t\t\t\t<div class=\"elementor-widget-container\">\n\t\t\t\t\t\t\t<div class=\"elementor-spacer\">\n\t\t\t<div class=\"elementor-spacer-inner\"><\/div>\n\t\t<\/div>\n\t\t\t\t\t\t<\/div>\n\t\t\t\t<\/div>\n\t\t\t\t\t<\/div>\n\t\t<\/div>\n\t\t\t\t\t<\/div>\n\t\t<\/section>\n\t\t\t\t<section class=\"elementor-section elementor-top-section elementor-element elementor-element-29daa72 elementor-section-boxed elementor-section-height-default elementor-section-height-default\" data-id=\"29daa72\" data-element_type=\"section\" data-e-type=\"section\">\n\t\t\t\t\t\t<div class=\"elementor-container elementor-column-gap-default\">\n\t\t\t\t\t<div class=\"elementor-column elementor-col-100 elementor-top-column elementor-element elementor-element-82310e0\" data-id=\"82310e0\" data-element_type=\"column\" data-e-type=\"column\">\n\t\t\t<div class=\"elementor-widget-wrap elementor-element-populated\">\n\t\t\t\t\t\t<div class=\"elementor-element elementor-element-ecf60d1 elementor-widget elementor-widget-text-editor\" data-id=\"ecf60d1\" data-element_type=\"widget\" data-e-type=\"widget\" data-widget_type=\"text-editor.default\">\n\t\t\t\t<div class=\"elementor-widget-container\">\n\t\t\t\t\t\t\t\t\t<p>Lorem ipsum dolor sit amet, consectetur adipiscing elit. Ut elit tellus, luctus nec ullamcorper mattis, pulvinar dapibus leo.<\/p>\t\t\t\t\t\t\t\t<\/div>\n\t\t\t\t<\/div>\n\t\t\t\t\t<\/div>\n\t\t<\/div>\n\t\t\t\t\t<\/div>\n\t\t<\/section>\n\t\t\t\t<\/div>\n\t\t","protected":false},"excerpt":{"rendered":"<p>Sobre o Sistema CFA\/CRAs O Sistema CFA\/CRAs compreende o Conselho Federal de Administra\u00e7\u00e3o e os Conselhos Regionais de Administra\u00e7\u00f5es, estes \u00faltimos representando os 27 (vinte e sete) Estados da Federa\u00e7\u00e3o, por\u00e9m, ainda, em n\u00famero de 22 (vinte e dois). Cada um desses \u00f3rg\u00e3os \u00e9 integrado por Conselheiros Efetivos e igual n\u00famero de respectivos Suplentes, que<a class=\"read-more\" href=\"https:\/\/crarn.org.br\/?page_id=57306\"> [&hellip;]<\/a><\/p>\n","protected":false},"author":25,"featured_media":0,"parent":57820,"menu_order":0,"comment_status":"closed","ping_status":"closed","template":"","meta":{"_price":"","_stock":"","_tribe_ticket_header":"","_tribe_default_ticket_provider":"","_tribe_ticket_capacity":"0","_ticket_start_date":"","_ticket_end_date":"","_tribe_ticket_show_description":"","_tribe_ticket_show_not_going":false,"_tribe_ticket_use_global_stock":"","_tribe_ticket_global_stock_level":"","_global_stock_mode":"","_global_stock_cap":"","_tribe_rsvp_for_event":"","_tribe_ticket_going_count":"","_tribe_ticket_not_going_count":"","_tribe_tickets_list":"[]","_tribe_ticket_has_attendee_info_fields":false,"footnotes":"","_tec_slr_enabled":"","_tec_slr_layout":"","_links_to":"","_links_to_target":""},"class_list":["post-57306","page","type-page","status-publish","hentry","entry"],"ticketed":false,"_links":{"self":[{"href":"https:\/\/crarn.org.br\/index.php?rest_route=\/wp\/v2\/pages\/57306","targetHints":{"allow":["GET"]}}],"collection":[{"href":"https:\/\/crarn.org.br\/index.php?rest_route=\/wp\/v2\/pages"}],"about":[{"href":"https:\/\/crarn.org.br\/index.php?rest_route=\/wp\/v2\/types\/page"}],"author":[{"embeddable":true,"href":"https:\/\/crarn.org.br\/index.php?rest_route=\/wp\/v2\/users\/25"}],"replies":[{"embeddable":true,"href":"https:\/\/crarn.org.br\/index.php?rest_route=%2Fwp%2Fv2%2Fcomments&post=57306"}],"version-history":[{"count":12,"href":"https:\/\/crarn.org.br\/index.php?rest_route=\/wp\/v2\/pages\/57306\/revisions"}],"predecessor-version":[{"id":67734,"href":"https:\/\/crarn.org.br\/index.php?rest_route=\/wp\/v2\/pages\/57306\/revisions\/67734"}],"up":[{"embeddable":true,"href":"https:\/\/crarn.org.br\/index.php?rest_route=\/wp\/v2\/pages\/57820"}],"wp:attachment":[{"href":"https:\/\/crarn.org.br\/index.php?rest_route=%2Fwp%2Fv2%2Fmedia&parent=57306"}],"curies":[{"name":"wp","href":"https:\/\/api.w.org\/{rel}","templated":true}]}}